{"id":52,"date":"2024-05-02T00:40:02","date_gmt":"2024-05-01T22:40:02","guid":{"rendered":"https:\/\/www.ziemniak.wroclaw.pl\/?page_id=52"},"modified":"2025-03-25T07:59:25","modified_gmt":"2025-03-25T06:59:25","slug":"komitety","status":"publish","type":"page","link":"https:\/\/www.ziemniak.wroclaw.pl\/?page_id=52","title":{"rendered":"Komitety"},"content":{"rendered":"\n<p><strong>Komitet honorowy:<\/strong><\/p>\n\n\n\n<p>Prof. dr hab. dr hc Wac\u0142aw Leszczy\u0144ski<br>Prof. dr hab. Antoni Golachowski<br>Prof. dr hab. Ewa Zimnoch-Guzowska<br>Prof. dr Elvyra Jariene<br>Dr Wojciech Nowacki<br><br><strong>Komitet Naukowy:<\/strong><\/p>\n\n\n\n<p>dr hab. in\u017c. Ma\u0142gorzata Kapelko-\u017beberska, profesor uczelni<br>prof. dr hab. Agnieszka Kita<br>prof. dr hab. Anna P\u0119ksa<br>dr hab. in\u017c. El\u017cbieta Rytel, profesor uczelni<br>dr hab.in\u017c. Agnieszka Tajner-Czopek, profesor uczelni<br>dr hab.in\u017c. Tomasz Zi\u0119ba, profesor uczelni<\/p>\n\n\n\n<p><strong>Przewodnicz\u0105ca konferencji:<\/strong><\/p>\n\n\n\n<p>prof. dr hab. Anna P\u0119ksa<\/p>\n\n\n\n<p><strong>Komitet Organizacyjny:<\/strong><\/p>\n\n\n\n<p><em>Przewodnicz\u0105ca<\/em> &#8211; dr hab. in\u017c. Rytel El\u017cbieta, profesor uczelni<\/p>\n\n\n\n<p><em>Sekretarz \u2013 <\/em>dr hab. in\u017c. Joanna Miedzianka<\/p>\n\n\n\n<p><em>Cz\u0142onkowie <\/em>\u2013 mgr Paulina B\u0142aszczyk, dr in\u017c. Hanna Boruczkowska; dr in\u017c. Tomasz Boruczkowski; dr in\u017c. Wioletta Dro\u017cd\u017c; dr hab. in\u017c. Artur Gryszkin, prof. uczelni; dr hab. in\u017c. Ma\u0142gorzata Kapelko-\u017beberska, prof. uczelni; dr in\u017c. Agnieszka Nem\u015b; dr hab. in\u017c. W\u0142odzimierz Przewodowski; Urszula Sielczak; mgr Anna Szafra\u0144ska; dr hab. in\u017c. Agnieszka Tajner-Czopek, prof. uczelni; dr in\u017c. Ewa Tomaszewska-Ciosk; dr in\u017c. Janusz Urbanowicz; mgr Szymon Wolny; dr in\u017c. Ewa Zdybel<\/p>\n\n\n\n<p><em>Z ramienia PTT\u017b<\/em> &#8211; dr in\u017c. Anna Kancelista; dr hab. in\u017c. Anna Salejda<\/p>\n","protected":false},"excerpt":{"rendered":"<p>Komitet honorowy: Prof. dr hab. dr hc Wac\u0142aw Leszczy\u0144skiProf. dr hab. Antoni GolachowskiProf. dr hab. Ewa Zimnoch-GuzowskaProf. dr Elvyra JarieneDr Wojciech Nowacki Komitet Naukowy: dr hab. in\u017c. Ma\u0142gorzata Kapelko-\u017beberska, profesor uczelniprof. dr hab. Agnieszka Kitaprof. dr hab. Anna P\u0119ksadr hab. in\u017c. El\u017cbieta Rytel, profesor uczelnidr hab.in\u017c. Agnieszka Tajner-Czopek, profesor uczelnidr hab.in\u017c. Tomasz Zi\u0119ba, profesor uczelni [&hellip;]<\/p>\n","protected":false},"author":1,"featured_media":0,"parent":0,"menu_order":0,"comment_status":"closed","ping_status":"closed","template":"","meta":{"footnotes":""},"class_list":["post-52","page","type-page","status-publish","hentry"],"blocksy_meta":[],"_links":{"self":[{"href":"https:\/\/www.ziemniak.wroclaw.pl\/index.php?rest_route=\/wp\/v2\/pages\/52","targetHints":{"allow":["GET"]}}],"collection":[{"href":"https:\/\/www.ziemniak.wroclaw.pl\/index.php?rest_route=\/wp\/v2\/pages"}],"about":[{"href":"https:\/\/www.ziemniak.wroclaw.pl\/index.php?rest_route=\/wp\/v2\/types\/page"}],"author":[{"embeddable":true,"href":"https:\/\/www.ziemniak.wroclaw.pl\/index.php?rest_route=\/wp\/v2\/users\/1"}],"replies":[{"embeddable":true,"href":"https:\/\/www.ziemniak.wroclaw.pl\/index.php?rest_route=%2Fwp%2Fv2%2Fcomments&post=52"}],"version-history":[{"count":4,"href":"https:\/\/www.ziemniak.wroclaw.pl\/index.php?rest_route=\/wp\/v2\/pages\/52\/revisions"}],"predecessor-version":[{"id":261,"href":"https:\/\/www.ziemniak.wroclaw.pl\/index.php?rest_route=\/wp\/v2\/pages\/52\/revisions\/261"}],"wp:attachment":[{"href":"https:\/\/www.ziemniak.wroclaw.pl\/index.php?rest_route=%2Fwp%2Fv2%2Fmedia&parent=52"}],"curies":[{"name":"wp","href":"https:\/\/api.w.org\/{rel}","templated":true}]}}